{"id":12171,"date":"2021-01-12T10:49:41","date_gmt":"2021-01-12T09:49:41","guid":{"rendered":"https:\/\/pedikuragabriela.cz\/?page_id=12171"},"modified":"2021-12-12T10:47:23","modified_gmt":"2021-12-12T09:47:23","slug":"fotogalerie","status":"publish","type":"page","link":"https:\/\/pedikuragabriela.cz\/opava\/fotogalerie\/","title":{"rendered":"Fotogalerie"},"content":{"rendered":"\t\t<div data-elementor-type=\"wp-page\" data-elementor-id=\"12171\" class=\"elementor elementor-12171\">\n\t\t\t\t\t\t<section class=\"elementor-section elementor-top-section elementor-element elementor-element-7db393b elementor-section-boxed elementor-section-height-default elementor-section-height-default\" data-id=\"7db393b\" data-element_type=\"section\" data-e-type=\"section\">\n\t\t\t\t\t\t<div class=\"elementor-container elementor-column-gap-default\">\n\t\t\t\t\t<div class=\"elementor-column elementor-col-100 elementor-top-column elementor-element elementor-element-451f91f\" data-id=\"451f91f\" data-element_type=\"column\" data-e-type=\"column\">\n\t\t\t<div class=\"elementor-widget-wrap elementor-element-populated\">\n\t\t\t\t\t\t<div class=\"elementor-element elementor-element-40f8ecf elementor-widget elementor-widget-a13fe-gallery\" data-id=\"40f8ecf\" data-element_type=\"widget\" data-e-type=\"widget\" data-widget_type=\"a13fe-gallery.default\">\n\t\t\t\t<div class=\"elementor-widget-container\">\n\t\t\t\t\t\n\t\t\t    <div class=\"bricks-frame gallery-frame bricks-gallery-12081 variant-overlay bricks-columns-3 album-content-off title-bottom title-center hover-effect-drop\">\n\t\t\t\t    <ul class=\"gallery-media-collection screen-reader-text\">\n\t\t\t\t<li class=\"gallery-item type-image subtype-png\" data-id=\"12959\" data-ratio_x=\"1\" data-bg_color=\"\" data-alt_attr=\"Nehtov\u00e1 protetika - dopln\u011bn\u00ed nehtu\" data-main-image=\"https:\/\/pedikuragabriela.cz\/opava\/wp-content\/uploads\/2023\/06\/protetika.png\" data-brick_image=\"https:\/\/pedikuragabriela.cz\/opava\/wp-content\/uploads\/apollo13_images\/protetika-7ecsql5yt1l67qm7olixug3qdejpa9fczq.png\" data-thumb=\"https:\/\/pedikuragabriela.cz\/opava\/wp-content\/uploads\/2023\/06\/protetika-200x200.png\" data-link_target=\"0\">\n\t\t<a class=\"item__link\" href=\"https:\/\/pedikuragabriela.cz\/opava\/wp-content\/uploads\/2023\/06\/protetika.png\">protetika<\/a>\n\t\t\t\t\t<div id=\"item-desc-1\" class=\"item-desc\">Nehtov\u00e1 protetika - dopln\u011bn\u00ed nehtu<\/div>\n\t\t\t<\/li>\n\t<li class=\"gallery-item type-image subtype-png\" data-id=\"12958\" data-ratio_x=\"1\" data-bg_color=\"\" data-alt_attr=\"O\u0161et\u0159en\u00e1 prasklina na pat\u011b, klient odch\u00e1z\u00ed dom\u016f.\" data-main-image=\"https:\/\/pedikuragabriela.cz\/opava\/wp-content\/uploads\/2023\/06\/osetreni-paty.png\" data-brick_image=\"https:\/\/pedikuragabriela.cz\/opava\/wp-content\/uploads\/apollo13_images\/osetreni-paty-7ecspssiogapvfzvz94ktfh1ve20cpipkq.png\" data-thumb=\"https:\/\/pedikuragabriela.cz\/opava\/wp-content\/uploads\/2023\/06\/osetreni-paty-200x200.png\" data-link_target=\"0\">\n\t\t<a class=\"item__link\" href=\"https:\/\/pedikuragabriela.cz\/opava\/wp-content\/uploads\/2023\/06\/osetreni-paty.png\">O\u0161et\u0159en\u00ed paty<\/a>\n\t\t\t\t\t<div id=\"item-desc-2\" class=\"item-desc\">O\u0161et\u0159en\u00e1 prasklina na pat\u011b, takto klient odch\u00e1z\u00ed dom\u016f.<\/div>\n\t\t\t<\/li>\n\t<li class=\"gallery-item type-image subtype-jpeg\" data-id=\"12682\" data-ratio_x=\"1\" data-bg_color=\"\" data-alt_attr=\"Korektor klad\u00edvkov\u00fdch prstc\u016f s o\u0161et\u0159en\u00fdm ku\u0159\u00edm okem\" data-main-image=\"https:\/\/pedikuragabriela.cz\/opava\/wp-content\/uploads\/2021\/01\/korektor-kladivkovych-prstcu-s-odstranenym-kurim-okem-400.jpg\" data-brick_image=\"https:\/\/pedikuragabriela.cz\/opava\/wp-content\/uploads\/apollo13_images\/korektor-kladivkovych-prstcu-s-odstranenym-kurim-okem-400-77o5jqm78rrkd41fek92te3ruwq5awx6ry.jpg\" data-thumb=\"https:\/\/pedikuragabriela.cz\/opava\/wp-content\/uploads\/2021\/01\/korektor-kladivkovych-prstcu-s-odstranenym-kurim-okem-400-200x200.jpg\" data-link_target=\"0\">\n\t\t<a class=\"item__link\" href=\"https:\/\/pedikuragabriela.cz\/opava\/wp-content\/uploads\/2021\/01\/korektor-kladivkovych-prstcu-s-odstranenym-kurim-okem-400.jpg\">Korektor klad\u00edvkov\u00fdch prstc\u016f s&nbsp;o\u0161et\u0159en\u00fdm ku\u0159\u00edm okem<\/a>\n\t\t\t\t\t<div id=\"item-desc-3\" class=\"item-desc\"><\/div>\n\t\t\t<\/li>\n\t<li class=\"gallery-item type-image subtype-jpeg\" data-id=\"12847\" data-ratio_x=\"1\" data-bg_color=\"\" data-alt_attr=\"Zkrizene prsty otlaky\" data-main-image=\"https:\/\/pedikuragabriela.cz\/opava\/wp-content\/uploads\/2023\/02\/IMG_8560.jpg\" data-brick_image=\"https:\/\/pedikuragabriela.cz\/opava\/wp-content\/uploads\/apollo13_images\/IMG_8560-7ctuno0xb5xxg0ci9ttwbtfeh0kj5360qa.jpg\" data-thumb=\"https:\/\/pedikuragabriela.cz\/opava\/wp-content\/uploads\/2023\/02\/IMG_8560-200x200.jpg\" data-link_target=\"0\">\n\t\t<a class=\"item__link\" href=\"https:\/\/pedikuragabriela.cz\/opava\/wp-content\/uploads\/2023\/02\/IMG_8560.jpg\">Zk\u0159\u00ed\u017een\u00e9 prsty, otlaky<\/a>\n\t\t\t\t\t<div id=\"item-desc-4\" class=\"item-desc\"><\/div>\n\t\t\t<\/li>\n\t<li class=\"gallery-item type-image subtype-jpeg\" data-id=\"12087\" data-ratio_x=\"1\" data-bg_color=\"\" data-alt_attr=\"Odstran\u011bn\u00ed zrohovat\u011bl\u00e9 k\u016f\u017ee bruskou vn\u00edm\u00e1 klient velmi p\u0159\u00edjemn\u011b\" data-main-image=\"https:\/\/pedikuragabriela.cz\/opava\/wp-content\/uploads\/2021\/01\/odstraneni-zrohovatele-kuze-bruskou-vnima-klient-velmi-prijemne.jpg\" data-brick_image=\"https:\/\/pedikuragabriela.cz\/opava\/wp-content\/uploads\/apollo13_images\/odstraneni-zrohovatele-kuze-bruskou-vnima-klient-velmi-prijemne-72fyu86g2nv87hhmvsd6rt7qg9tjwmzgby.jpg\" data-thumb=\"https:\/\/pedikuragabriela.cz\/opava\/wp-content\/uploads\/2021\/01\/odstraneni-zrohovatele-kuze-bruskou-vnima-klient-velmi-prijemne-150x150.jpg\" data-link_target=\"0\">\n\t\t<a class=\"item__link\" href=\"https:\/\/pedikuragabriela.cz\/opava\/wp-content\/uploads\/2021\/01\/odstraneni-zrohovatele-kuze-bruskou-vnima-klient-velmi-prijemne.jpg\">Odstran\u011bn\u00ed zrohovat\u011bl\u00e9 k\u016f\u017ee bruskou vn\u00edm\u00e1 klient p\u0159\u00edjemn\u011b<\/a>\n\t\t\t\t\t<div id=\"item-desc-5\" class=\"item-desc\"><\/div>\n\t\t\t<\/li>\n\t<li class=\"gallery-item type-image subtype-png\" data-id=\"12084\" data-ratio_x=\"1\" data-bg_color=\"\" data-alt_attr=\"Lakov\u00e1n\u00ed neht\u016f klientky Pedikura Gabriela\" data-main-image=\"https:\/\/pedikuragabriela.cz\/opava\/wp-content\/uploads\/2021\/01\/lakovani-nehtu-u-klientky.png\" data-brick_image=\"https:\/\/pedikuragabriela.cz\/opava\/wp-content\/uploads\/apollo13_images\/lakovani-nehtu-u-klientky-72fyu4qcfk9rr6s1lz9re8a0xljbybsjra.png\" data-thumb=\"https:\/\/pedikuragabriela.cz\/opava\/wp-content\/uploads\/2021\/01\/lakovani-nehtu-u-klientky-150x150.png\" data-link_target=\"0\">\n\t\t<a class=\"item__link\" href=\"https:\/\/pedikuragabriela.cz\/opava\/wp-content\/uploads\/2021\/01\/lakovani-nehtu-u-klientky.png\">Lakov\u00e1n\u00ed neht\u016f u&nbsp;klientky<\/a>\n\t\t\t\t\t<div id=\"item-desc-6\" class=\"item-desc\">Lakov\u00e1n\u00ed neht\u016f u&nbsp;klientky doma - Pedik\u00fara Gabriela<\/div>\n\t\t\t<\/li>\n\t<li class=\"gallery-item type-image subtype-jpeg\" data-id=\"12088\" data-ratio_x=\"1\" data-bg_color=\"\" data-alt_attr=\"\u0160etrn\u00e9 odstra\u0148ov\u00e1n\u00ed ku\u0159\u00edho oka Pedik\u00fara Gabriela\" data-main-image=\"https:\/\/pedikuragabriela.cz\/opava\/wp-content\/uploads\/2021\/01\/odstranovani-kuriho-oka-scaled.jpg\" data-brick_image=\"https:\/\/pedikuragabriela.cz\/opava\/wp-content\/uploads\/apollo13_images\/odstranovani-kuriho-oka-scaled-72fyu8z32ge0xef8eo04s6cqsw1g7bozxi.jpg\" data-thumb=\"https:\/\/pedikuragabriela.cz\/opava\/wp-content\/uploads\/2021\/01\/odstranovani-kuriho-oka-150x150.jpg\" data-link_target=\"0\">\n\t\t<a class=\"item__link\" href=\"https:\/\/pedikuragabriela.cz\/opava\/wp-content\/uploads\/2021\/01\/odstranovani-kuriho-oka-scaled.jpg\">\u0160etrn\u00e9 odstra\u0148ov\u00e1n\u00ed ku\u0159\u00edho oka fr\u00e9zkou<\/a>\n\t\t\t\t\t<div id=\"item-desc-7\" class=\"item-desc\"><\/div>\n\t\t\t<\/li>\n\t<li class=\"gallery-item type-image subtype-jpeg\" data-id=\"12095\" data-ratio_x=\"1\" data-bg_color=\"\" data-alt_attr=\"V\u00fdznamnou \u010d\u00e1st klientely tvo\u0159\u00ed senio\u0159i Pedik\u00fara Gabriela\" data-main-image=\"https:\/\/pedikuragabriela.cz\/opava\/wp-content\/uploads\/2021\/01\/vyznamnou-cast-klientely-tvori-seniori-rotated.jpg\" data-brick_image=\"https:\/\/pedikuragabriela.cz\/opava\/wp-content\/uploads\/apollo13_images\/vyznamnou-cast-klientely-tvori-seniori-rotated-72fyukn4bepq5hg03k0nlj27xxx9w2g2ni.jpg\" data-thumb=\"https:\/\/pedikuragabriela.cz\/opava\/wp-content\/uploads\/2021\/01\/vyznamnou-cast-klientely-tvori-seniori-150x150.jpg\" data-link_target=\"0\">\n\t\t<a class=\"item__link\" href=\"https:\/\/pedikuragabriela.cz\/opava\/wp-content\/uploads\/2021\/01\/vyznamnou-cast-klientely-tvori-seniori-rotated.jpg\">V\u00fdznamnou \u010d\u00e1st klientely tvo\u0159\u00ed senio\u0159i<\/a>\n\t\t\t\t\t<div id=\"item-desc-8\" class=\"item-desc\"><\/div>\n\t\t\t<\/li>\n\t<li class=\"gallery-item type-image subtype-jpeg\" data-id=\"12093\" data-ratio_x=\"1\" data-bg_color=\"\" data-alt_attr=\"Sni\u017eov\u00e1n\u00ed ztlu\u0161t\u011bl\u00e9ho nehtu Pedik\u00fara Gabriela\" data-main-image=\"https:\/\/pedikuragabriela.cz\/opava\/wp-content\/uploads\/2021\/01\/snizovani-ztlusteleho-nehtu-scaled.jpg\" data-brick_image=\"https:\/\/pedikuragabriela.cz\/opava\/wp-content\/uploads\/apollo13_images\/snizovani-ztlusteleho-nehtu-scaled-72fyucoqdhhqyc40urn7hvo4frqax74p66.jpg\" data-thumb=\"https:\/\/pedikuragabriela.cz\/opava\/wp-content\/uploads\/2021\/01\/snizovani-ztlusteleho-nehtu-150x150.jpg\" data-link_target=\"0\">\n\t\t<a class=\"item__link\" href=\"https:\/\/pedikuragabriela.cz\/opava\/wp-content\/uploads\/2021\/01\/snizovani-ztlusteleho-nehtu-scaled.jpg\">Sni\u017eov\u00e1n\u00ed ztlu\u0161t\u011bl\u00e9ho nehtu<\/a>\n\t\t\t\t\t<div id=\"item-desc-9\" class=\"item-desc\"><\/div>\n\t\t\t<\/li>\n\t<li class=\"gallery-item type-image subtype-jpeg\" data-id=\"12098\" data-ratio_x=\"1\" data-bg_color=\"\" data-alt_attr=\"Ostrihano a jde se brousit\" data-main-image=\"https:\/\/pedikuragabriela.cz\/opava\/wp-content\/uploads\/2021\/01\/zdesinfikovano-a-jde-se-strihat-rotated.jpg\" data-brick_image=\"https:\/\/pedikuragabriela.cz\/opava\/wp-content\/uploads\/apollo13_images\/zdesinfikovano-a-jde-se-strihat-rotated-72fyumhxyx9l5yaeblu6ydpwrdrp905izy.jpg\" data-thumb=\"https:\/\/pedikuragabriela.cz\/opava\/wp-content\/uploads\/2021\/01\/zdesinfikovano-a-jde-se-strihat-150x150.jpg\" data-link_target=\"0\">\n\t\t<a class=\"item__link\" href=\"https:\/\/pedikuragabriela.cz\/opava\/wp-content\/uploads\/2021\/01\/zdesinfikovano-a-jde-se-strihat-rotated.jpg\">Ostrihano a&nbsp;jde se brousit<\/a>\n\t\t\t\t\t<div id=\"item-desc-10\" class=\"item-desc\">Ostrihano a&nbsp;jde se brousit<\/div>\n\t\t\t<\/li>\n\t<li class=\"gallery-item type-image subtype-jpeg\" data-id=\"12097\" data-ratio_x=\"1\" data-bg_color=\"\" data-alt_attr=\"Z\u00e1v\u011bre\u010dn\u00e1 p\u00e9\u010de Pedik\u00fara Gabriela\" data-main-image=\"https:\/\/pedikuragabriela.cz\/opava\/wp-content\/uploads\/2021\/01\/zaverecna-pece-scaled.jpg\" data-brick_image=\"https:\/\/pedikuragabriela.cz\/opava\/wp-content\/uploads\/apollo13_images\/zaverecna-pece-scaled-72fyulpaz4qsg1cssq78y0kwerjsybf6um.jpg\" data-thumb=\"https:\/\/pedikuragabriela.cz\/opava\/wp-content\/uploads\/2021\/01\/zaverecna-pece-150x150.jpg\" data-link_target=\"0\">\n\t\t<a class=\"item__link\" href=\"https:\/\/pedikuragabriela.cz\/opava\/wp-content\/uploads\/2021\/01\/zaverecna-pece-scaled.jpg\">Z\u00e1v\u011bre\u010dn\u00e1 p\u00e9\u010de<\/a>\n\t\t\t\t\t<div id=\"item-desc-11\" class=\"item-desc\"><\/div>\n\t\t\t<\/li>\n\t<li class=\"gallery-item type-image subtype-jpeg\" data-id=\"12089\" data-ratio_x=\"1\" data-bg_color=\"\" data-alt_attr=\"Onychogryf\u00f3za zvan\u00e1 Papou\u0161\u010d\u00ed nehty Pedik\u00fara Gabriela\" data-main-image=\"https:\/\/pedikuragabriela.cz\/opava\/wp-content\/uploads\/2021\/01\/Onychogryfoza-zvana-Papousci-nehty.jpg\" data-brick_image=\"https:\/\/pedikuragabriela.cz\/opava\/wp-content\/uploads\/apollo13_images\/Onychogryfoza-zvana-Papousci-nehty-72fyua19q6f37yc13u6q4nvf9pnz9ko92e.jpg\" data-thumb=\"https:\/\/pedikuragabriela.cz\/opava\/wp-content\/uploads\/2021\/01\/Onychogryfoza-zvana-Papousci-nehty-150x150.jpg\" data-link_target=\"0\">\n\t\t<a class=\"item__link\" href=\"https:\/\/pedikuragabriela.cz\/opava\/wp-content\/uploads\/2021\/01\/Onychogryfoza-zvana-Papousci-nehty.jpg\">Onychogryf\u00f3za zvan\u00e1 Papou\u0161\u010d\u00ed nehty<\/a>\n\t\t\t\t\t<div id=\"item-desc-12\" class=\"item-desc\"><\/div>\n\t\t\t<\/li>\n\t<li class=\"gallery-item type-video subtype-mp4\" data-id=\"12176\" data-ratio_x=\"1\" data-autoplay=\"0\" data-video_type=\"html5\" data-video_player=\"https:\/\/pedikuragabriela.cz\/opava\/wp-content\/uploads\/2021\/01\/VIDEO-obrusovani-otlaku-okolo-odstranenych-kurich-ok.mp4\" data-main-image=\"https:\/\/pedikuragabriela.cz\/opava\/wp-content\/uploads\/2021\/01\/Odstraneni-kuriho-oka-2.jpg\" data-brick_image=\"https:\/\/pedikuragabriela.cz\/opava\/wp-content\/uploads\/apollo13_images\/Odstraneni-kuriho-oka-2-72fyu7ncqsup27j8j79w3kge7v0adigthy.jpg\" data-thumb=\"https:\/\/pedikuragabriela.cz\/opava\/wp-content\/uploads\/2021\/01\/Odstraneni-kuriho-oka-2-200x200.jpg\" data-alt_attr=\"\" data-poster=\"https:\/\/pedikuragabriela.cz\/opava\/wp-content\/uploads\/2021\/01\/Odstraneni-kuriho-oka-2.jpg\">\n\t\t<a class=\"item__link\" href=\"https:\/\/pedikuragabriela.cz\/opava\/wp-content\/uploads\/2021\/01\/VIDEO-obrusovani-otlaku-okolo-odstranenych-kurich-ok.mp4\">Obru\u0161ov\u00e1n\u00ed otlaku okolo odstran\u011bn\u00fdch ku\u0159\u00edch ok<\/a>\n\t\t\t\t\t<div id=\"item-desc-13\" class=\"item-desc\"><\/div>\n\t\t<div class=\"album-video\" id=\"album-video-13\"><div class=\"wp-video\"><video class=\"lg-video-object lg-html5\" id=\"a13-video-0-1\" width=\"480\" height=\"270\" poster=\"https:\/\/pedikuragabriela.cz\/opava\/wp-content\/uploads\/2021\/01\/Odstraneni-kuriho-oka-2.jpg\" preload=\"metadata\" controls=\"controls\"><source type=\"video\/mp4\" src=\"https:\/\/pedikuragabriela.cz\/opava\/wp-content\/uploads\/2021\/01\/VIDEO-obrusovani-otlaku-okolo-odstranenych-kurich-ok.mp4?_=1\" \/><a href=\"https:\/\/pedikuragabriela.cz\/opava\/wp-content\/uploads\/2021\/01\/VIDEO-obrusovani-otlaku-okolo-odstranenych-kurich-ok.mp4\">https:\/\/pedikuragabriela.cz\/opava\/wp-content\/uploads\/2021\/01\/VIDEO-obrusovani-otlaku-okolo-odstranenych-kurich-ok.mp4<\/a><\/video><\/div><\/div>\t<\/li>\n\t<li class=\"gallery-item type-video subtype-mp4\" data-id=\"12315\" data-ratio_x=\"1\" data-autoplay=\"0\" data-video_type=\"html5\" data-video_player=\"https:\/\/pedikuragabriela.cz\/opava\/wp-content\/uploads\/2021\/01\/VIDEO-brouseni-odsavani.mp4\" data-main-image=\"https:\/\/pedikuragabriela.cz\/opava\/wp-content\/uploads\/2021\/01\/brouseni-odsavani.jpg\" data-brick_image=\"https:\/\/pedikuragabriela.cz\/opava\/wp-content\/uploads\/apollo13_images\/brouseni-odsavani-72fyu10p4j61q9395vmooiynapuh8gdd9m.jpg\" data-thumb=\"https:\/\/pedikuragabriela.cz\/opava\/wp-content\/uploads\/2021\/01\/brouseni-odsavani-200x200.jpg\" data-alt_attr=\"\" data-poster=\"https:\/\/pedikuragabriela.cz\/opava\/wp-content\/uploads\/2021\/01\/brouseni-odsavani.jpg\">\n\t\t<a class=\"item__link\" href=\"https:\/\/pedikuragabriela.cz\/opava\/wp-content\/uploads\/2021\/01\/VIDEO-brouseni-odsavani.mp4\">VIDEO brouseni odsavani<\/a>\n\t\t\t\t\t<div id=\"item-desc-14\" class=\"item-desc\"><\/div>\n\t\t<div class=\"album-video\" id=\"album-video-14\"><div class=\"wp-video\"><video class=\"lg-video-object lg-html5\" id=\"a13-video-0-2\" width=\"480\" height=\"270\" poster=\"https:\/\/pedikuragabriela.cz\/opava\/wp-content\/uploads\/2021\/01\/brouseni-odsavani.jpg\" preload=\"metadata\" controls=\"controls\"><source type=\"video\/mp4\" src=\"https:\/\/pedikuragabriela.cz\/opava\/wp-content\/uploads\/2021\/01\/VIDEO-brouseni-odsavani.mp4?_=2\" \/><a href=\"https:\/\/pedikuragabriela.cz\/opava\/wp-content\/uploads\/2021\/01\/VIDEO-brouseni-odsavani.mp4\">https:\/\/pedikuragabriela.cz\/opava\/wp-content\/uploads\/2021\/01\/VIDEO-brouseni-odsavani.mp4<\/a><\/video><\/div><\/div>\t<\/li>\n\t<li class=\"gallery-item type-video subtype-mp4\" data-id=\"12318\" data-ratio_x=\"1\" data-autoplay=\"0\" data-video_type=\"html5\" data-video_player=\"https:\/\/pedikuragabriela.cz\/opava\/wp-content\/uploads\/2021\/01\/Video-odstraneni-kuriho-oka-modre.mp4\" data-main-image=\"https:\/\/pedikuragabriela.cz\/opava\/wp-content\/uploads\/2021\/01\/Odstraneni-kuriho-oka-1.jpg\" data-brick_image=\"https:\/\/pedikuragabriela.cz\/opava\/wp-content\/uploads\/apollo13_images\/Odstraneni-kuriho-oka-1-72fyu7dt2vcfhkk1cwq8rg2q3nlnly81g6.jpg\" data-thumb=\"https:\/\/pedikuragabriela.cz\/opava\/wp-content\/uploads\/2021\/01\/Odstraneni-kuriho-oka-1-200x200.jpg\" data-alt_attr=\"\" data-poster=\"https:\/\/pedikuragabriela.cz\/opava\/wp-content\/uploads\/2021\/01\/Odstraneni-kuriho-oka-1.jpg\">\n\t\t<a class=\"item__link\" href=\"https:\/\/pedikuragabriela.cz\/opava\/wp-content\/uploads\/2021\/01\/Video-odstraneni-kuriho-oka-modre.mp4\">Odstran\u011bn\u00ed ku\u0159\u00edho oka<\/a>\n\t\t\t\t\t<div id=\"item-desc-15\" class=\"item-desc\"><\/div>\n\t\t<div class=\"album-video\" id=\"album-video-15\"><div class=\"wp-video\"><video class=\"lg-video-object lg-html5\" id=\"a13-video-0-3\" width=\"480\" height=\"270\" poster=\"https:\/\/pedikuragabriela.cz\/opava\/wp-content\/uploads\/2021\/01\/Odstraneni-kuriho-oka-1.jpg\" preload=\"metadata\" controls=\"controls\"><source type=\"video\/mp4\" src=\"https:\/\/pedikuragabriela.cz\/opava\/wp-content\/uploads\/2021\/01\/Video-odstraneni-kuriho-oka-modre.mp4?_=3\" \/><a href=\"https:\/\/pedikuragabriela.cz\/opava\/wp-content\/uploads\/2021\/01\/Video-odstraneni-kuriho-oka-modre.mp4\">https:\/\/pedikuragabriela.cz\/opava\/wp-content\/uploads\/2021\/01\/Video-odstraneni-kuriho-oka-modre.mp4<\/a><\/video><\/div><\/div>\t<\/li>\n\t<li class=\"gallery-item type-image subtype-jpeg\" data-id=\"12422\" data-ratio_x=\"1\" data-bg_color=\"\" data-alt_attr=\"Zbrou\u0161en\u00ed nehtu - p\u0159ed a po\" data-main-image=\"https:\/\/pedikuragabriela.cz\/opava\/wp-content\/uploads\/2021\/01\/snizeni-nehtu.jpg\" data-brick_image=\"https:\/\/pedikuragabriela.cz\/opava\/wp-content\/uploads\/apollo13_images\/snizeni-nehtu-73kol43wta8c264nem890qhm3keuxmwb72.jpg\" data-thumb=\"https:\/\/pedikuragabriela.cz\/opava\/wp-content\/uploads\/2021\/01\/snizeni-nehtu-200x200.jpg\" data-link_target=\"0\">\n\t\t<a class=\"item__link\" href=\"https:\/\/pedikuragabriela.cz\/opava\/wp-content\/uploads\/2021\/01\/snizeni-nehtu.jpg\">Zbrou\u0161en\u00ed nehtu - p\u0159ed a&nbsp;po<\/a>\n\t\t\t\t\t<div id=\"item-desc-16\" class=\"item-desc\"><\/div>\n\t\t\t<\/li>\n\t<li class=\"gallery-item type-image subtype-png\" data-id=\"12558\" data-ratio_x=\"1\" data-bg_color=\"\" data-alt_attr=\"Salon Rolnick\u00e1 54 Opava - p\u0159\u00edstrojov\u00e1 pedik\u00fara\" data-main-image=\"https:\/\/pedikuragabriela.cz\/opava\/wp-content\/uploads\/2021\/12\/salon.png\" data-brick_image=\"https:\/\/pedikuragabriela.cz\/opava\/wp-content\/uploads\/apollo13_images\/salon-76su1rzrnttkj4rsglo4jvja4jw2da36um.png\" data-thumb=\"https:\/\/pedikuragabriela.cz\/opava\/wp-content\/uploads\/2021\/12\/salon-200x200.png\" data-link_target=\"0\">\n\t\t<a class=\"item__link\" href=\"https:\/\/pedikuragabriela.cz\/opava\/wp-content\/uploads\/2021\/12\/salon.png\">Salon Rolnick\u00e1 54 Opava - p\u0159\u00edstrojov\u00e1 pedik\u00fara<\/a>\n\t\t\t\t\t<div id=\"item-desc-17\" class=\"item-desc\"><\/div>\n\t\t\t<\/li>\n\t<li class=\"gallery-item type-image subtype-jpeg\" data-id=\"12566\" data-ratio_x=\"1\" data-bg_color=\"\" data-alt_attr=\"Salon na Rolnick\u00e9 54 v Opav\u011b\" data-main-image=\"https:\/\/pedikuragabriela.cz\/opava\/wp-content\/uploads\/2021\/01\/IMG_5107-scaled.jpg\" data-brick_image=\"https:\/\/pedikuragabriela.cz\/opava\/wp-content\/uploads\/apollo13_images\/IMG_5107-scaled-76su7i176126z2hna7qt6ekswepf97jso6.jpg\" data-thumb=\"https:\/\/pedikuragabriela.cz\/opava\/wp-content\/uploads\/2021\/01\/IMG_5107-200x200.jpg\" data-link_target=\"0\">\n\t\t<a class=\"item__link\" href=\"https:\/\/pedikuragabriela.cz\/opava\/wp-content\/uploads\/2021\/01\/IMG_5107-scaled.jpg\">Salon na Rolnick\u00e9 54 v&nbsp;Opav\u011b<\/a>\n\t\t\t\t\t<div id=\"item-desc-18\" class=\"item-desc\"><\/div>\n\t\t\t<\/li>\n\t<li class=\"gallery-item type-image subtype-jpeg\" data-id=\"12568\" data-ratio_x=\"1\" data-bg_color=\"\" data-alt_attr=\"\u010cek\u00e1rna Pedik\u00fara Gabriela\" data-main-image=\"https:\/\/pedikuragabriela.cz\/opava\/wp-content\/uploads\/2021\/01\/IMG_5112-scaled.jpg\" data-brick_image=\"https:\/\/pedikuragabriela.cz\/opava\/wp-content\/uploads\/apollo13_images\/IMG_5112-scaled-76sua2ku5v501tq7ag81ov3lo7k4ggnpwm.jpg\" data-thumb=\"https:\/\/pedikuragabriela.cz\/opava\/wp-content\/uploads\/2021\/01\/IMG_5112-200x200.jpg\" data-link_target=\"0\">\n\t\t<a class=\"item__link\" href=\"https:\/\/pedikuragabriela.cz\/opava\/wp-content\/uploads\/2021\/01\/IMG_5112-scaled.jpg\">\u010cek\u00e1rna Pedik\u00fara Gabriela<\/a>\n\t\t\t\t\t<div id=\"item-desc-19\" class=\"item-desc\"><\/div>\n\t\t\t<\/li>\n\t<li class=\"gallery-item type-image subtype-jpeg\" data-id=\"12569\" data-ratio_x=\"1\" data-bg_color=\"\" data-alt_attr=\"\u010cek\u00e1rna Pedik\u00fara Gabriela\" data-main-image=\"https:\/\/pedikuragabriela.cz\/opava\/wp-content\/uploads\/2021\/01\/IMG_5113-scaled.jpg\" data-brick_image=\"https:\/\/pedikuragabriela.cz\/opava\/wp-content\/uploads\/apollo13_images\/IMG_5113-scaled-76suai82ds2ovheylqfak1i4kcjfmn1oti.jpg\" data-thumb=\"https:\/\/pedikuragabriela.cz\/opava\/wp-content\/uploads\/2021\/01\/IMG_5113-200x200.jpg\" data-link_target=\"0\">\n\t\t<a class=\"item__link\" href=\"https:\/\/pedikuragabriela.cz\/opava\/wp-content\/uploads\/2021\/01\/IMG_5113-scaled.jpg\">\u010cek\u00e1rna Pedik\u00fara Gabriela<\/a>\n\t\t\t\t\t<div id=\"item-desc-20\" class=\"item-desc\"><\/div>\n\t\t\t<\/li>\n\t<li class=\"gallery-item type-image subtype-jpeg\" data-id=\"12570\" data-ratio_x=\"1\" data-bg_color=\"\" data-alt_attr=\"Pedik\u00e9rsk\u00fd salon Rolnick\u00e1 54\" data-main-image=\"https:\/\/pedikuragabriela.cz\/opava\/wp-content\/uploads\/2021\/01\/IMG_5030-scaled.jpg\" data-brick_image=\"https:\/\/pedikuragabriela.cz\/opava\/wp-content\/uploads\/apollo13_images\/IMG_5030-scaled-76suav7tydxpyrbq6362203yafgf56zv8m.jpg\" data-thumb=\"https:\/\/pedikuragabriela.cz\/opava\/wp-content\/uploads\/2021\/01\/IMG_5030-200x200.jpg\" data-link_target=\"0\">\n\t\t<a class=\"item__link\" href=\"https:\/\/pedikuragabriela.cz\/opava\/wp-content\/uploads\/2021\/01\/IMG_5030-scaled.jpg\">Pedik\u00e9rsk\u00fd salon Rolnick\u00e1 54<\/a>\n\t\t\t\t\t<div id=\"item-desc-21\" class=\"item-desc\"><\/div>\n\t\t\t<\/li>\n\t<li class=\"gallery-item type-image subtype-jpeg\" data-id=\"12571\" data-ratio_x=\"1\" data-bg_color=\"\" data-alt_attr=\"Pedik\u00e9rsk\u00fd salon Rolnick\u00e1 54\" data-main-image=\"https:\/\/pedikuragabriela.cz\/opava\/wp-content\/uploads\/2021\/01\/IMG_5033-scaled.jpg\" data-brick_image=\"https:\/\/pedikuragabriela.cz\/opava\/wp-content\/uploads\/apollo13_images\/IMG_5033-scaled-76sub6vv7c9f6uchuz6kvctffhc8txq5eu.jpg\" data-thumb=\"https:\/\/pedikuragabriela.cz\/opava\/wp-content\/uploads\/2021\/01\/IMG_5033-200x200.jpg\" data-link_target=\"0\">\n\t\t<a class=\"item__link\" href=\"https:\/\/pedikuragabriela.cz\/opava\/wp-content\/uploads\/2021\/01\/IMG_5033-scaled.jpg\">Pedik\u00e9rsk\u00fd salon Rolnick\u00e1 54<\/a>\n\t\t\t\t\t<div id=\"item-desc-22\" class=\"item-desc\"><\/div>\n\t\t\t<\/li>\n\t<li class=\"gallery-item type-image subtype-jpeg\" data-id=\"12673\" data-ratio_x=\"1\" data-bg_color=\"\" data-alt_attr=\"Aplikace tampon\u00e1dy\" data-main-image=\"https:\/\/pedikuragabriela.cz\/opava\/wp-content\/uploads\/2022\/02\/Aplikace-tamponady-600-400.jpg\" data-brick_image=\"https:\/\/pedikuragabriela.cz\/opava\/wp-content\/uploads\/apollo13_images\/Aplikace-tamponady-600-400-77o4s7xfrg62kj4uc578uvgzea7lv4kxwa.jpg\" data-thumb=\"https:\/\/pedikuragabriela.cz\/opava\/wp-content\/uploads\/2022\/02\/Aplikace-tamponady-600-400-200x200.jpg\" data-link_target=\"0\">\n\t\t<a class=\"item__link\" href=\"https:\/\/pedikuragabriela.cz\/opava\/wp-content\/uploads\/2022\/02\/Aplikace-tamponady-600-400.jpg\">Aplikace tampon\u00e1dy<\/a>\n\t\t\t\t\t<div id=\"item-desc-23\" class=\"item-desc\"><\/div>\n\t\t\t<\/li>\n\t<li class=\"gallery-item type-image subtype-jpeg\" data-id=\"12674\" data-ratio_x=\"1\" data-bg_color=\"\" data-alt_attr=\"Aplikace tampon\u00e1dy nebol\u00ed\" data-main-image=\"https:\/\/pedikuragabriela.cz\/opava\/wp-content\/uploads\/2022\/02\/tamponada-600-400.jpg\" data-brick_image=\"https:\/\/pedikuragabriela.cz\/opava\/wp-content\/uploads\/apollo13_images\/tamponada-600-400-77o4si9qoqyfxf9m5khizma3yb29pw4zum.jpg\" data-thumb=\"https:\/\/pedikuragabriela.cz\/opava\/wp-content\/uploads\/2022\/02\/tamponada-600-400-200x200.jpg\" data-link_target=\"0\">\n\t\t<a class=\"item__link\" href=\"https:\/\/pedikuragabriela.cz\/opava\/wp-content\/uploads\/2022\/02\/tamponada-600-400.jpg\">Aplikace tampon\u00e1dy nebol\u00ed<\/a>\n\t\t\t\t\t<div id=\"item-desc-24\" class=\"item-desc\"><\/div>\n\t\t\t<\/li>\n\t<li class=\"gallery-item type-image subtype-jpeg\" data-id=\"12667\" data-ratio_x=\"1\" data-bg_color=\"\" data-alt_attr=\"Nehtov\u00e9 rovn\u00e1tko Podofix\" data-main-image=\"https:\/\/pedikuragabriela.cz\/opava\/wp-content\/uploads\/2022\/02\/podofix-rovnatko-600-400.jpg\" data-brick_image=\"https:\/\/pedikuragabriela.cz\/opava\/wp-content\/uploads\/apollo13_images\/podofix-rovnatko-600-400-77o4qmng6ekmqnxskvb84lga5uf0hnwn8a.jpg\" data-thumb=\"https:\/\/pedikuragabriela.cz\/opava\/wp-content\/uploads\/2022\/02\/podofix-rovnatko-600-400-200x200.jpg\" data-link_target=\"0\">\n\t\t<a class=\"item__link\" href=\"https:\/\/pedikuragabriela.cz\/opava\/wp-content\/uploads\/2022\/02\/podofix-rovnatko-600-400.jpg\">Nehtov\u00e9 rovn\u00e1tko Podofix<\/a>\n\t\t\t\t\t<div id=\"item-desc-25\" class=\"item-desc\"><\/div>\n\t\t\t<\/li>\n\t<li class=\"gallery-item type-image subtype-jpeg\" data-id=\"12668\" data-ratio_x=\"1\" data-bg_color=\"\" data-alt_attr=\"Utahov\u00e1n\u00ed nehtov\u00e9ho rovn\u00e1tka Podofix\" data-main-image=\"https:\/\/pedikuragabriela.cz\/opava\/wp-content\/uploads\/2022\/02\/podofix-rovnatko-utahovani-600-400.jpg\" data-brick_image=\"https:\/\/pedikuragabriela.cz\/opava\/wp-content\/uploads\/apollo13_images\/podofix-rovnatko-utahovani-600-400-77o4r0fuqsygjus5o3oxmx748jjwawl5sq.jpg\" data-thumb=\"https:\/\/pedikuragabriela.cz\/opava\/wp-content\/uploads\/2022\/02\/podofix-rovnatko-utahovani-600-400-200x200.jpg\" data-link_target=\"0\">\n\t\t<a class=\"item__link\" href=\"https:\/\/pedikuragabriela.cz\/opava\/wp-content\/uploads\/2022\/02\/podofix-rovnatko-utahovani-600-400.jpg\">Utahov\u00e1n\u00ed nehtov\u00e9ho rovn\u00e1tka Podofix<\/a>\n\t\t\t\t\t<div id=\"item-desc-26\" class=\"item-desc\"><\/div>\n\t\t\t<\/li>\n\t<li class=\"gallery-item type-image subtype-jpeg\" data-id=\"12669\" data-ratio_x=\"1\" data-bg_color=\"\" data-alt_attr=\"Vytvrzov\u00e1n\u00ed gelu - pro rovn\u00e1tka Podofix a Combiped\" data-main-image=\"https:\/\/pedikuragabriela.cz\/opava\/wp-content\/uploads\/2022\/02\/vytvrzovani-gelu-podofix-600.jpg\" data-brick_image=\"https:\/\/pedikuragabriela.cz\/opava\/wp-content\/uploads\/apollo13_images\/vytvrzovani-gelu-podofix-600-77o4rbucbtrw7atq6p5t45ix9e1383283q.jpg\" data-thumb=\"https:\/\/pedikuragabriela.cz\/opava\/wp-content\/uploads\/2022\/02\/vytvrzovani-gelu-podofix-600-200x195.jpg\" data-link_target=\"0\">\n\t\t<a class=\"item__link\" href=\"https:\/\/pedikuragabriela.cz\/opava\/wp-content\/uploads\/2022\/02\/vytvrzovani-gelu-podofix-600.jpg\">Vytvrzov\u00e1n\u00ed gelu - pro rovn\u00e1tka Podofix a&nbsp;Combiped<\/a>\n\t\t\t\t\t<div id=\"item-desc-27\" class=\"item-desc\"><\/div>\n\t\t\t<\/li>\n\t<li class=\"gallery-item type-image subtype-jpeg\" data-id=\"12670\" data-ratio_x=\"1\" data-bg_color=\"\" data-alt_attr=\"Combiped nehtov\u00e9 rovn\u00e1tko\" data-main-image=\"https:\/\/pedikuragabriela.cz\/opava\/wp-content\/uploads\/2022\/02\/Combiped-rovnatko-600-400.jpg\" data-brick_image=\"https:\/\/pedikuragabriela.cz\/opava\/wp-content\/uploads\/apollo13_images\/Combiped-rovnatko-600-400-77o4rmg6x22j4txp6ezql0ppxmaduktu7e.jpg\" data-thumb=\"https:\/\/pedikuragabriela.cz\/opava\/wp-content\/uploads\/2022\/02\/Combiped-rovnatko-600-400-200x200.jpg\" data-link_target=\"0\">\n\t\t<a class=\"item__link\" href=\"https:\/\/pedikuragabriela.cz\/opava\/wp-content\/uploads\/2022\/02\/Combiped-rovnatko-600-400.jpg\">Combiped nehtov\u00e9 rovn\u00e1tko<\/a>\n\t\t\t\t\t<div id=\"item-desc-28\" class=\"item-desc\"><\/div>\n\t\t\t<\/li>\n\t<li class=\"gallery-item type-image subtype-jpeg\" data-id=\"12671\" data-ratio_x=\"1\" data-bg_color=\"\" data-alt_attr=\"Combiped nehtov\u00e9 rovn\u00e1tko\" data-main-image=\"https:\/\/pedikuragabriela.cz\/opava\/wp-content\/uploads\/2022\/02\/Combiped-rovnatko-600-400-1.jpg\" data-brick_image=\"https:\/\/pedikuragabriela.cz\/opava\/wp-content\/uploads\/apollo13_images\/Combiped-rovnatko-600-400-1-77o4rt2ujbr6gsdojqmy027gurg6zgyz8i.jpg\" data-thumb=\"https:\/\/pedikuragabriela.cz\/opava\/wp-content\/uploads\/2022\/02\/Combiped-rovnatko-600-400-1-200x200.jpg\" data-link_target=\"0\">\n\t\t<a class=\"item__link\" href=\"https:\/\/pedikuragabriela.cz\/opava\/wp-content\/uploads\/2022\/02\/Combiped-rovnatko-600-400-1.jpg\">Combiped nehtov\u00e9 rovn\u00e1tko<\/a>\n\t\t\t\t\t<div id=\"item-desc-29\" class=\"item-desc\"><\/div>\n\t\t\t<\/li>\n\t<li class=\"gallery-item type-image subtype-jpeg\" data-id=\"12672\" data-ratio_x=\"1\" data-bg_color=\"\" data-alt_attr=\"Nehtov\u00e9 rovn\u00e1tko Unguisan\" data-main-image=\"https:\/\/pedikuragabriela.cz\/opava\/wp-content\/uploads\/2022\/02\/Unguisan-rovnatko-600.jpg\" data-brick_image=\"https:\/\/pedikuragabriela.cz\/opava\/wp-content\/uploads\/apollo13_images\/Unguisan-rovnatko-600-77o4rzpi5lftsqtnx2a5f3p7rwm04p0rqy.jpg\" data-thumb=\"https:\/\/pedikuragabriela.cz\/opava\/wp-content\/uploads\/2022\/02\/Unguisan-rovnatko-600-200x200.jpg\" data-link_target=\"0\">\n\t\t<a class=\"item__link\" href=\"https:\/\/pedikuragabriela.cz\/opava\/wp-content\/uploads\/2022\/02\/Unguisan-rovnatko-600.jpg\">Nehtov\u00e9 rovn\u00e1tko Unguisan<\/a>\n\t\t\t\t\t<div id=\"item-desc-30\" class=\"item-desc\"><\/div>\n\t\t\t<\/li>\n\t<li class=\"gallery-item type-image subtype-jpeg\" data-id=\"12666\" data-ratio_x=\"1\" data-bg_color=\"\" data-alt_attr=\"\u0160kolen\u00ed pedik\u00e9rek v Praze\" data-main-image=\"https:\/\/pedikuragabriela.cz\/opava\/wp-content\/uploads\/2022\/02\/skoleni-pedikerek-v-Praze-600.jpg\" data-brick_image=\"https:\/\/pedikuragabriela.cz\/opava\/wp-content\/uploads\/apollo13_images\/skoleni-pedikerek-v-Praze-600-77o4q8v1m06sxh3fhmxim9pg35a4of88iq.jpg\" data-thumb=\"https:\/\/pedikuragabriela.cz\/opava\/wp-content\/uploads\/2022\/02\/skoleni-pedikerek-v-Praze-600-200x200.jpg\" data-link_target=\"0\">\n\t\t<a class=\"item__link\" href=\"https:\/\/pedikuragabriela.cz\/opava\/wp-content\/uploads\/2022\/02\/skoleni-pedikerek-v-Praze-600.jpg\">\u0160kolen\u00ed pedik\u00e9rek v&nbsp;Praze<\/a>\n\t\t\t\t\t<div id=\"item-desc-31\" class=\"item-desc\"><\/div>\n\t\t\t<\/li>\n\t<li class=\"gallery-item type-image subtype-jpeg\" data-id=\"12662\" data-ratio_x=\"1\" data-bg_color=\"\" data-alt_attr=\"Lakov\u00e1n\u00ed Pedik\u00fara Gabriela\" data-main-image=\"https:\/\/pedikuragabriela.cz\/opava\/wp-content\/uploads\/2022\/02\/lakovani-Pedikura-Gabriela-400-600-1.jpg\" data-brick_image=\"https:\/\/pedikuragabriela.cz\/opava\/wp-content\/uploads\/apollo13_images\/lakovani-Pedikura-Gabriela-400-600-1-77o4o5jwto3a47etufxezpv6wpuibn870u.jpg\" data-thumb=\"https:\/\/pedikuragabriela.cz\/opava\/wp-content\/uploads\/2022\/02\/lakovani-Pedikura-Gabriela-400-600-1-200x200.jpg\" data-link_target=\"0\">\n\t\t<a class=\"item__link\" href=\"https:\/\/pedikuragabriela.cz\/opava\/wp-content\/uploads\/2022\/02\/lakovani-Pedikura-Gabriela-400-600-1.jpg\">lakovani Pedikura Gabriela 400&nbsp;600<\/a>\n\t\t\t\t\t<div id=\"item-desc-32\" class=\"item-desc\"><\/div>\n\t\t\t<\/li>\n\t<li class=\"gallery-item type-image subtype-jpeg\" data-id=\"12661\" data-ratio_x=\"1\" data-bg_color=\"\" data-alt_attr=\"U klienta na zahrad\u011b\" data-main-image=\"https:\/\/pedikuragabriela.cz\/opava\/wp-content\/uploads\/2022\/02\/Popisek-U-klienta-na-zahrade-600-400.jpg\" data-brick_image=\"https:\/\/pedikuragabriela.cz\/opava\/wp-content\/uploads\/apollo13_images\/Popisek-U-klienta-na-zahrade-600-400-77o4haeta77ftc52xf996byu0z15omovpm.jpg\" data-thumb=\"https:\/\/pedikuragabriela.cz\/opava\/wp-content\/uploads\/2022\/02\/Popisek-U-klienta-na-zahrade-600-400-200x200.jpg\" data-link_target=\"0\">\n\t\t<a class=\"item__link\" href=\"https:\/\/pedikuragabriela.cz\/opava\/wp-content\/uploads\/2022\/02\/Popisek-U-klienta-na-zahrade-600-400.jpg\">Popisek U&nbsp;klienta na zahrade 600&nbsp;400<\/a>\n\t\t\t\t\t<div id=\"item-desc-33\" class=\"item-desc\"><\/div>\n\t\t\t<\/li>\n\t<li class=\"gallery-item type-image subtype-jpeg\" data-id=\"12663\" data-ratio_x=\"1\" data-bg_color=\"\" data-alt_attr=\"V\u00edkend se sportovci - pedik\u00fara na horsk\u00e9 chat\u011b\" data-main-image=\"https:\/\/pedikuragabriela.cz\/opava\/wp-content\/uploads\/2022\/02\/Pro-sportovce-400.jpg\" data-brick_image=\"https:\/\/pedikuragabriela.cz\/opava\/wp-content\/uploads\/apollo13_images\/Pro-sportovce-400-77o4oo45ctlw8vus2y4sk8g334arx0aiua.jpg\" data-thumb=\"https:\/\/pedikuragabriela.cz\/opava\/wp-content\/uploads\/2022\/02\/Pro-sportovce-400-200x200.jpg\" data-link_target=\"0\">\n\t\t<a class=\"item__link\" href=\"https:\/\/pedikuragabriela.cz\/opava\/wp-content\/uploads\/2022\/02\/Pro-sportovce-400.jpg\">V\u00edkend se sportovci - pedik\u00fara na horsk\u00e9 chat\u011b<\/a>\n\t\t\t\t\t<div id=\"item-desc-34\" class=\"item-desc\"><\/div>\n\t\t\t<\/li>\n\t<li class=\"gallery-item type-image subtype-jpeg\" data-id=\"12664\" data-ratio_x=\"1\" data-bg_color=\"\" data-alt_attr=\"Mobiln\u00ed pedik\u00fara Gabriela - Opava a okol\u00ed\" data-main-image=\"https:\/\/pedikuragabriela.cz\/opava\/wp-content\/uploads\/2022\/02\/Mobilni-pedikura-Gabriela-400.jpg\" data-brick_image=\"https:\/\/pedikuragabriela.cz\/opava\/wp-content\/uploads\/apollo13_images\/Mobilni-pedikura-Gabriela-400-77o4p40x8o1un6iqkivorj8a3gopuqxhfy.jpg\" data-thumb=\"https:\/\/pedikuragabriela.cz\/opava\/wp-content\/uploads\/2022\/02\/Mobilni-pedikura-Gabriela-400-200x200.jpg\" data-link_target=\"0\">\n\t\t<a class=\"item__link\" href=\"https:\/\/pedikuragabriela.cz\/opava\/wp-content\/uploads\/2022\/02\/Mobilni-pedikura-Gabriela-400.jpg\">Mobiln\u00ed pedik\u00fara Gabriela - Opava a&nbsp;okol\u00ed<\/a>\n\t\t\t\t\t<div id=\"item-desc-35\" class=\"item-desc\"><\/div>\n\t\t\t<\/li>\n\t<li class=\"gallery-item type-image subtype-jpeg\" data-id=\"12665\" data-ratio_x=\"1\" data-bg_color=\"\" data-alt_attr=\"Pedik\u00faru chod\u00edm prov\u00e1d\u011bt i do Slezsk\u00e9 nemocnice \u010di domov\u016f pro seniory\" data-main-image=\"https:\/\/pedikuragabriela.cz\/opava\/wp-content\/uploads\/2022\/02\/ve-Slezske-nemocnici-400.jpg\" data-brick_image=\"https:\/\/pedikuragabriela.cz\/opava\/wp-content\/uploads\/apollo13_images\/ve-Slezske-nemocnici-400-77o4pcry6dsmk8sbc6w2vjrdy93l4az72m.jpg\" data-thumb=\"https:\/\/pedikuragabriela.cz\/opava\/wp-content\/uploads\/2022\/02\/ve-Slezske-nemocnici-400-200x200.jpg\" data-link_target=\"0\">\n\t\t<a class=\"item__link\" href=\"https:\/\/pedikuragabriela.cz\/opava\/wp-content\/uploads\/2022\/02\/ve-Slezske-nemocnici-400.jpg\">Pedik\u00faru chod\u00edm prov\u00e1d\u011bt i&nbsp;do Slezsk\u00e9 nemocnice \u010di&nbsp;domov\u016f pro seniory<\/a>\n\t\t\t\t\t<div id=\"item-desc-36\" class=\"item-desc\"><\/div>\n\t\t\t<\/li>\n\t<li class=\"gallery-item type-image subtype-jpeg\" data-id=\"12845\" data-ratio_x=\"1\" data-bg_color=\"\" data-alt_attr=\"Seniorum doma casto delam i manikuru\" data-main-image=\"https:\/\/pedikuragabriela.cz\/opava\/wp-content\/uploads\/2023\/02\/IMG_E8173.jpg\" data-brick_image=\"https:\/\/pedikuragabriela.cz\/opava\/wp-content\/uploads\/apollo13_images\/IMG_E8173-7ctul13dbyaq7ib5oyfts9hknd251rvpta.jpg\" data-thumb=\"https:\/\/pedikuragabriela.cz\/opava\/wp-content\/uploads\/2023\/02\/IMG_E8173-200x200.jpg\" data-link_target=\"0\">\n\t\t<a class=\"item__link\" href=\"https:\/\/pedikuragabriela.cz\/opava\/wp-content\/uploads\/2023\/02\/IMG_E8173.jpg\">Senior\u016fm \u010dasto doma d\u011bl\u00e1m i&nbsp;manik\u00faru<\/a>\n\t\t\t\t\t<div id=\"item-desc-37\" class=\"item-desc\"><\/div>\n\t\t\t<\/li>\n\t<li class=\"gallery-item type-image subtype-jpeg\" data-id=\"12844\" data-ratio_x=\"1\" data-bg_color=\"\" data-alt_attr=\"S detskymi klienty byva legrace\" data-main-image=\"https:\/\/pedikuragabriela.cz\/opava\/wp-content\/uploads\/2023\/02\/SOTW2910.jpg\" data-brick_image=\"https:\/\/pedikuragabriela.cz\/opava\/wp-content\/uploads\/apollo13_images\/SOTW2910-7ctukzrn0arecbf5thpl3nl82c0z7yn10m.jpg\" data-thumb=\"https:\/\/pedikuragabriela.cz\/opava\/wp-content\/uploads\/2023\/02\/SOTW2910-200x200.jpg\" data-link_target=\"0\">\n\t\t<a class=\"item__link\" href=\"https:\/\/pedikuragabriela.cz\/opava\/wp-content\/uploads\/2023\/02\/SOTW2910.jpg\">S d\u011btsk\u00fdmi klienty b\u00fdv\u00e1 legrace<\/a>\n\t\t\t\t\t<div id=\"item-desc-38\" class=\"item-desc\">D\u011bti za mnou nej\u010dast\u011bji p\u0159ich\u00e1zej\u00ed se zarostl\u00fdm neht\u00edkem nebo s&nbsp;ku\u0159\u00edm o\u010dkem<\/div>\n\t\t\t<\/li>\n\t<li class=\"gallery-item type-image subtype-jpeg\" data-id=\"12839\" data-ratio_x=\"1\" data-bg_color=\"\" data-alt_attr=\"Letni parada\" data-main-image=\"https:\/\/pedikuragabriela.cz\/opava\/wp-content\/uploads\/2023\/02\/IMG_7057.jpg\" data-brick_image=\"https:\/\/pedikuragabriela.cz\/opava\/wp-content\/uploads\/apollo13_images\/IMG_7057-7ctujftdqwpadn43xojt1zgvex9job7f5a.jpg\" data-thumb=\"https:\/\/pedikuragabriela.cz\/opava\/wp-content\/uploads\/2023\/02\/IMG_7057-200x200.jpg\" data-link_target=\"0\">\n\t\t<a class=\"item__link\" href=\"https:\/\/pedikuragabriela.cz\/opava\/wp-content\/uploads\/2023\/02\/IMG_7057.jpg\">Letn\u00ed par\u00e1da<\/a>\n\t\t\t\t\t<div id=\"item-desc-39\" class=\"item-desc\"><\/div>\n\t\t\t<\/li>\n\t<li class=\"gallery-item type-image subtype-jpeg\" data-id=\"12838\" data-ratio_x=\"1\" data-bg_color=\"\" data-alt_attr=\"Gabriela Salichova pri praci v pedikerskem salonu\" data-main-image=\"https:\/\/pedikuragabriela.cz\/opava\/wp-content\/uploads\/2023\/02\/IMG_7935-scaled-e1763415846435.jpg\" data-brick_image=\"https:\/\/pedikuragabriela.cz\/opava\/wp-content\/uploads\/apollo13_images\/IMG_7935-scaled-e1763415846435-7qeiyekg5qquile2junl2fo6yuii5aevc2.jpg\" data-thumb=\"https:\/\/pedikuragabriela.cz\/opava\/wp-content\/uploads\/2023\/02\/IMG_7935-scaled-e1763415846435-200x200.jpg\" data-link_target=\"0\">\n\t\t<a class=\"item__link\" href=\"https:\/\/pedikuragabriela.cz\/opava\/wp-content\/uploads\/2023\/02\/IMG_7935-scaled-e1763415846435.jpg\">Gabriela Salichov\u00e1 p\u0159i&nbsp;pr\u00e1ci v&nbsp;pedik\u00e9rsk\u00e9m salonu<\/a>\n\t\t\t\t\t<div id=\"item-desc-40\" class=\"item-desc\"><\/div>\n\t\t\t<\/li>\n\t<li class=\"gallery-item type-image subtype-jpeg\" data-id=\"12846\" data-ratio_x=\"1\" data-bg_color=\"\" data-alt_attr=\"Prednaska rodicum malych diabetiku\" data-main-image=\"https:\/\/pedikuragabriela.cz\/opava\/wp-content\/uploads\/2023\/02\/IMG_E6937.jpg\" data-brick_image=\"https:\/\/pedikuragabriela.cz\/opava\/wp-content\/uploads\/apollo13_images\/IMG_E6937-7ctul25jzobsi27ye4mf4r0946oo40u8va.jpg\" data-thumb=\"https:\/\/pedikuragabriela.cz\/opava\/wp-content\/uploads\/2023\/02\/IMG_E6937-200x200.jpg\" data-link_target=\"0\">\n\t\t<a class=\"item__link\" href=\"https:\/\/pedikuragabriela.cz\/opava\/wp-content\/uploads\/2023\/02\/IMG_E6937.jpg\">P\u0159edn\u00e1\u0161ka rodi\u010d\u016fm mal\u00fdch diabetik\u016f<\/a>\n\t\t\t\t\t<div id=\"item-desc-41\" class=\"item-desc\"><\/div>\n\t\t\t<\/li>\n\t<li class=\"gallery-item type-image subtype-jpeg\" data-id=\"12841\" data-ratio_x=\"1\" data-bg_color=\"\" data-alt_attr=\"Vyborna podlozka pod kladivkovite prstce\" data-main-image=\"https:\/\/pedikuragabriela.cz\/opava\/wp-content\/uploads\/2023\/02\/IMG_8685.jpg\" data-brick_image=\"https:\/\/pedikuragabriela.cz\/opava\/wp-content\/uploads\/apollo13_images\/IMG_8685-7ctuk62gk1xm4twu8okze126zai5gzck1a.jpg\" data-thumb=\"https:\/\/pedikuragabriela.cz\/opava\/wp-content\/uploads\/2023\/02\/IMG_8685-200x200.jpg\" data-link_target=\"0\">\n\t\t<a class=\"item__link\" href=\"https:\/\/pedikuragabriela.cz\/opava\/wp-content\/uploads\/2023\/02\/IMG_8685.jpg\">V\u00fdborn\u00e1 podlo\u017eka pod klad\u00edvkovit\u00e9 prstce<\/a>\n\t\t\t\t\t<div id=\"item-desc-42\" class=\"item-desc\">O\u0161et\u0159en\u00e1 noha, ostran\u011bn velk\u00fd otlak. Podlo\u017eka bude dr\u017eet prst rovn\u011b, aby se neohnul a&nbsp;otlak se ji\u017e nevytv\u00e1\u0159el<\/div>\n\t\t\t<\/li>\n\t<li class=\"gallery-item type-image subtype-png\" data-id=\"12960\" data-ratio_x=\"1\" data-bg_color=\"\" data-alt_attr=\"Mykotick\u00e9 p\u0159erostl\u00e9 nehty\" data-main-image=\"https:\/\/pedikuragabriela.cz\/opava\/wp-content\/uploads\/2023\/06\/prerostle-nehty.png\" data-brick_image=\"https:\/\/pedikuragabriela.cz\/opava\/wp-content\/uploads\/apollo13_images\/prerostle-nehty-7ectfzqyi8kch4wlkxxq61r9azerwqj8oq.png\" data-thumb=\"https:\/\/pedikuragabriela.cz\/opava\/wp-content\/uploads\/2023\/06\/prerostle-nehty-200x200.png\" data-link_target=\"0\">\n\t\t<a class=\"item__link\" href=\"https:\/\/pedikuragabriela.cz\/opava\/wp-content\/uploads\/2023\/06\/prerostle-nehty.png\">P\u0159erostl\u00e9 nehty<\/a>\n\t\t\t\t\t<div id=\"item-desc-43\" class=\"item-desc\">Mykotick\u00e9 p\u0159erostl\u00e9 nehty<\/div>\n\t\t\t<\/li>\n\t\t<\/ul>\n\t                <div class=\"a13-bricks-items\" data-margin=\"10\" data-desc=\"1\" data-proofing=\"0\" data-socials=\"0\" data-lightbox_off=\"0\" data-lightbox_off_mobile=\"0\" data-cover-color=\"rgba(0,0,0,0.7)\">\n                <div class=\"grid-master\"><\/div>\n            <\/div>\n        <\/div>\n\t    \t\t\t\t<\/div>\n\t\t\t\t<\/div>\n\t\t\t\t\t<\/div>\n\t\t<\/div>\n\t\t\t\t\t<\/div>\n\t\t<\/section>\n\t\t\t\t<\/div>\n\t\t","protected":false},"excerpt":{"rendered":"<p>Odstran\u011bn\u00ed zrohovat\u011bl\u00e9 k\u016f\u017ee bruskou vn\u00edm\u00e1 klient p\u0159\u00edjemn\u011b O\u0161et\u0159en\u00e9 nehty p\u0159ed aplikac\u00ed nehtov\u00e9 tinktury Srovn\u00e1n\u00ed p\u0159ed \/ po&nbsp;Lakov\u00e1n\u00ed neht\u016f u&nbsp;klientky Francouzsk\u00e9 lakov\u00e1n\u00ed Odstran\u011bn\u00e9 ku\u0159\u00ed oko s&nbsp;obrou\u0161en\u00fdm otlakem \u0160etrn\u00e9 odstra\u0148ov\u00e1n\u00ed ku\u0159\u00edho oka fr\u00e9zkou Senior p\u0159ed p\u00e9\u010d\u00ed V\u00fdznamnou \u010d\u00e1st klientely tvo\u0159\u00ed senio\u0159i O\u0161et\u0159en\u00ed seniorky Sni\u017eov\u00e1n\u00ed ztlu\u0161t\u011bl\u00e9ho nehtu Aplikace tampon\u00e1dy pod okraj zar\u016fstaj\u00edc\u00edho nehtu Zdesinfikov\u00e1no a&nbsp;jde se st\u0159\u00edhat Z\u00e1v\u011bre\u010dn\u00e1 p\u00e9\u010de Onychogryf\u00f3za zvan\u00e1 Papou\u0161\u010d\u00ed nehty Zastupov\u00e1n\u00ed v&nbsp;salonu kolegyn\u011b N\u00e1stroje a&nbsp;kr\u00e9my Fr\u00e9zy a&nbsp;antimykotika Obru\u0161ov\u00e1n\u00ed otlaku&hellip;<\/p>\n<p> <a class=\"more-link\" href=\"https:\/\/pedikuragabriela.cz\/opava\/album\/fotogalerie\/\">\u010ct\u011bte v\u00edce<\/a><\/p>\n","protected":false},"author":1,"featured_media":0,"parent":0,"menu_order":0,"comment_status":"closed","ping_status":"closed","template":"","meta":{"footnotes":""},"class_list":["post-12171","page","type-page","status-publish"],"yoast_head":"<!-- This site is optimized with the Yoast SEO plugin v27.5 - https:\/\/yoast.com\/product\/yoast-seo-wordpress\/ -->\n<title>Mobiln\u00ed pedik\u00fara \u2013 Opava a okol\u00ed | slu\u017eba dom\u016f | Gabriela Salichov\u00e1<\/title>\n<meta name=\"description\" content=\"Prov\u00e1d\u00edm \u0161etrn\u00e9 o\u0161et\u0159en\u00ed neht\u016f a k\u016f\u017ee nohou pedik\u00e9rsk\u00fdm p\u0159\u00edstrojem, st\u0159\u00edh\u00e1n\u00ed neht\u016f, odstran\u011bn\u00ed ku\u0159\u00edch ok a otlak\u016f, p\u00e9\u010di o zar\u016fstaj\u00edc\u00ed nehty, mas\u00e1\u017ee, lakov\u00e1n\u00ed, p\u00e9\u010di o diabetiky\" \/>\n<meta name=\"robots\" content=\"index, follow, max-snippet:-1, max-image-preview:large, max-video-preview:-1\" \/>\n<link rel=\"canonical\" href=\"https:\/\/pedikuragabriela.cz\/opava\/fotogalerie\/\" \/>\n<meta name=\"twitter:card\" content=\"summary_large_image\" \/>\n<meta name=\"twitter:title\" content=\"Mobiln\u00ed pedik\u00fara \u2013 Opava a okol\u00ed | slu\u017eba dom\u016f | Gabriela Salichov\u00e1\" \/>\n<meta name=\"twitter:description\" content=\"Prov\u00e1d\u00edm \u0161etrn\u00e9 o\u0161et\u0159en\u00ed neht\u016f a k\u016f\u017ee nohou pedik\u00e9rsk\u00fdm p\u0159\u00edstrojem, st\u0159\u00edh\u00e1n\u00ed neht\u016f, odstran\u011bn\u00ed ku\u0159\u00edch ok a otlak\u016f, p\u00e9\u010di o zar\u016fstaj\u00edc\u00ed nehty, mas\u00e1\u017ee, lakov\u00e1n\u00ed, p\u00e9\u010di o diabetiky\" \/>\n<meta name=\"twitter:label1\" content=\"Odhadovan\u00e1 doba \u010dten\u00ed\" \/>\n\t<meta name=\"twitter:data1\" content=\"4 minuty\" \/>\n<script type=\"application\/ld+json\" class=\"yoast-schema-graph\">{\"@context\":\"https:\\\/\\\/schema.org\",\"@graph\":[{\"@type\":\"WebPage\",\"@id\":\"https:\\\/\\\/pedikuragabriela.cz\\\/opava\\\/fotogalerie\\\/\",\"url\":\"https:\\\/\\\/pedikuragabriela.cz\\\/opava\\\/fotogalerie\\\/\",\"name\":\"Mobiln\u00ed pedik\u00fara \u2013 Opava a okol\u00ed | slu\u017eba dom\u016f | Gabriela Salichov\u00e1\",\"isPartOf\":{\"@id\":\"https:\\\/\\\/pedikuragabriela.cz\\\/opava\\\/#website\"},\"datePublished\":\"2021-01-12T09:49:41+00:00\",\"dateModified\":\"2021-12-12T09:47:23+00:00\",\"description\":\"Prov\u00e1d\u00edm \u0161etrn\u00e9 o\u0161et\u0159en\u00ed neht\u016f a k\u016f\u017ee nohou pedik\u00e9rsk\u00fdm p\u0159\u00edstrojem, st\u0159\u00edh\u00e1n\u00ed neht\u016f, odstran\u011bn\u00ed ku\u0159\u00edch ok a otlak\u016f, p\u00e9\u010di o zar\u016fstaj\u00edc\u00ed nehty, mas\u00e1\u017ee, lakov\u00e1n\u00ed, p\u00e9\u010di o diabetiky\",\"breadcrumb\":{\"@id\":\"https:\\\/\\\/pedikuragabriela.cz\\\/opava\\\/fotogalerie\\\/#breadcrumb\"},\"inLanguage\":\"cs\",\"potentialAction\":[{\"@type\":\"ReadAction\",\"target\":[\"https:\\\/\\\/pedikuragabriela.cz\\\/opava\\\/fotogalerie\\\/\"]}]},{\"@type\":\"BreadcrumbList\",\"@id\":\"https:\\\/\\\/pedikuragabriela.cz\\\/opava\\\/fotogalerie\\\/#breadcrumb\",\"itemListElement\":[{\"@type\":\"ListItem\",\"position\":1,\"name\":\"Dom\u016f\",\"item\":\"https:\\\/\\\/pedikuragabriela.cz\\\/opava\\\/\"},{\"@type\":\"ListItem\",\"position\":2,\"name\":\"Fotogalerie\"}]},{\"@type\":\"WebSite\",\"@id\":\"https:\\\/\\\/pedikuragabriela.cz\\\/opava\\\/#website\",\"url\":\"https:\\\/\\\/pedikuragabriela.cz\\\/opava\\\/\",\"name\":\"Pedik\u00fara Gabriela Salichov\u00e1\",\"description\":\"Odborn\u00e1 p\u0159\u00edstrojov\u00e1 pedik\u00fara\",\"publisher\":{\"@id\":\"https:\\\/\\\/pedikuragabriela.cz\\\/opava\\\/#organization\"},\"potentialAction\":[{\"@type\":\"SearchAction\",\"target\":{\"@type\":\"EntryPoint\",\"urlTemplate\":\"https:\\\/\\\/pedikuragabriela.cz\\\/opava\\\/?s={search_term_string}\"},\"query-input\":{\"@type\":\"PropertyValueSpecification\",\"valueRequired\":true,\"valueName\":\"search_term_string\"}}],\"inLanguage\":\"cs\"},{\"@type\":\"Organization\",\"@id\":\"https:\\\/\\\/pedikuragabriela.cz\\\/opava\\\/#organization\",\"name\":\"Odborn\u00e1 p\u0159\u00edstrojov\u00e1 pedik\u00fara \u2013 Rolnick\u00e1 54, Opava | Gabriela Salichov\u00e1\",\"url\":\"https:\\\/\\\/pedikuragabriela.cz\\\/opava\\\/\",\"logo\":{\"@type\":\"ImageObject\",\"inLanguage\":\"cs\",\"@id\":\"https:\\\/\\\/pedikuragabriela.cz\\\/opava\\\/#\\\/schema\\\/logo\\\/image\\\/\",\"url\":\"https:\\\/\\\/pedikuragabriela.cz\\\/opava\\\/wp-content\\\/uploads\\\/2025\\\/02\\\/pedikura-gabriela-opava.png\",\"contentUrl\":\"https:\\\/\\\/pedikuragabriela.cz\\\/opava\\\/wp-content\\\/uploads\\\/2025\\\/02\\\/pedikura-gabriela-opava.png\",\"width\":800,\"height\":333,\"caption\":\"Odborn\u00e1 p\u0159\u00edstrojov\u00e1 pedik\u00fara \u2013 Rolnick\u00e1 54, Opava | Gabriela Salichov\u00e1\"},\"image\":{\"@id\":\"https:\\\/\\\/pedikuragabriela.cz\\\/opava\\\/#\\\/schema\\\/logo\\\/image\\\/\"},\"sameAs\":[\"https:\\\/\\\/www.facebook.com\\\/PedikuraGabriela\",\"https:\\\/\\\/www.instagram.com\\\/pedikura_gabriela\\\/\"]}]}<\/script>\n<!-- \/ Yoast SEO plugin. -->","yoast_head_json":{"title":"Mobiln\u00ed pedik\u00fara \u2013 Opava a okol\u00ed | slu\u017eba dom\u016f | Gabriela Salichov\u00e1","description":"Prov\u00e1d\u00edm \u0161etrn\u00e9 o\u0161et\u0159en\u00ed neht\u016f a k\u016f\u017ee nohou pedik\u00e9rsk\u00fdm p\u0159\u00edstrojem, st\u0159\u00edh\u00e1n\u00ed neht\u016f, odstran\u011bn\u00ed ku\u0159\u00edch ok a otlak\u016f, p\u00e9\u010di o zar\u016fstaj\u00edc\u00ed nehty, mas\u00e1\u017ee, lakov\u00e1n\u00ed, p\u00e9\u010di o diabetiky","robots":{"index":"index","follow":"follow","max-snippet":"max-snippet:-1","max-image-preview":"max-image-preview:large","max-video-preview":"max-video-preview:-1"},"canonical":"https:\/\/pedikuragabriela.cz\/opava\/fotogalerie\/","twitter_card":"summary_large_image","twitter_title":"Mobiln\u00ed pedik\u00fara \u2013 Opava a okol\u00ed | slu\u017eba dom\u016f | Gabriela Salichov\u00e1","twitter_description":"Prov\u00e1d\u00edm \u0161etrn\u00e9 o\u0161et\u0159en\u00ed neht\u016f a k\u016f\u017ee nohou pedik\u00e9rsk\u00fdm p\u0159\u00edstrojem, st\u0159\u00edh\u00e1n\u00ed neht\u016f, odstran\u011bn\u00ed ku\u0159\u00edch ok a otlak\u016f, p\u00e9\u010di o zar\u016fstaj\u00edc\u00ed nehty, mas\u00e1\u017ee, lakov\u00e1n\u00ed, p\u00e9\u010di o diabetiky","twitter_misc":{"Odhadovan\u00e1 doba \u010dten\u00ed":"4 minuty"},"schema":{"@context":"https:\/\/schema.org","@graph":[{"@type":"WebPage","@id":"https:\/\/pedikuragabriela.cz\/opava\/fotogalerie\/","url":"https:\/\/pedikuragabriela.cz\/opava\/fotogalerie\/","name":"Mobiln\u00ed pedik\u00fara \u2013 Opava a okol\u00ed | slu\u017eba dom\u016f | Gabriela Salichov\u00e1","isPartOf":{"@id":"https:\/\/pedikuragabriela.cz\/opava\/#website"},"datePublished":"2021-01-12T09:49:41+00:00","dateModified":"2021-12-12T09:47:23+00:00","description":"Prov\u00e1d\u00edm \u0161etrn\u00e9 o\u0161et\u0159en\u00ed neht\u016f a k\u016f\u017ee nohou pedik\u00e9rsk\u00fdm p\u0159\u00edstrojem, st\u0159\u00edh\u00e1n\u00ed neht\u016f, odstran\u011bn\u00ed ku\u0159\u00edch ok a otlak\u016f, p\u00e9\u010di o zar\u016fstaj\u00edc\u00ed nehty, mas\u00e1\u017ee, lakov\u00e1n\u00ed, p\u00e9\u010di o diabetiky","breadcrumb":{"@id":"https:\/\/pedikuragabriela.cz\/opava\/fotogalerie\/#breadcrumb"},"inLanguage":"cs","potentialAction":[{"@type":"ReadAction","target":["https:\/\/pedikuragabriela.cz\/opava\/fotogalerie\/"]}]},{"@type":"BreadcrumbList","@id":"https:\/\/pedikuragabriela.cz\/opava\/fotogalerie\/#breadcrumb","itemListElement":[{"@type":"ListItem","position":1,"name":"Dom\u016f","item":"https:\/\/pedikuragabriela.cz\/opava\/"},{"@type":"ListItem","position":2,"name":"Fotogalerie"}]},{"@type":"WebSite","@id":"https:\/\/pedikuragabriela.cz\/opava\/#website","url":"https:\/\/pedikuragabriela.cz\/opava\/","name":"Pedik\u00fara Gabriela Salichov\u00e1","description":"Odborn\u00e1 p\u0159\u00edstrojov\u00e1 pedik\u00fara","publisher":{"@id":"https:\/\/pedikuragabriela.cz\/opava\/#organization"},"potentialAction":[{"@type":"SearchAction","target":{"@type":"EntryPoint","urlTemplate":"https:\/\/pedikuragabriela.cz\/opava\/?s={search_term_string}"},"query-input":{"@type":"PropertyValueSpecification","valueRequired":true,"valueName":"search_term_string"}}],"inLanguage":"cs"},{"@type":"Organization","@id":"https:\/\/pedikuragabriela.cz\/opava\/#organization","name":"Odborn\u00e1 p\u0159\u00edstrojov\u00e1 pedik\u00fara \u2013 Rolnick\u00e1 54, Opava | Gabriela Salichov\u00e1","url":"https:\/\/pedikuragabriela.cz\/opava\/","logo":{"@type":"ImageObject","inLanguage":"cs","@id":"https:\/\/pedikuragabriela.cz\/opava\/#\/schema\/logo\/image\/","url":"https:\/\/pedikuragabriela.cz\/opava\/wp-content\/uploads\/2025\/02\/pedikura-gabriela-opava.png","contentUrl":"https:\/\/pedikuragabriela.cz\/opava\/wp-content\/uploads\/2025\/02\/pedikura-gabriela-opava.png","width":800,"height":333,"caption":"Odborn\u00e1 p\u0159\u00edstrojov\u00e1 pedik\u00fara \u2013 Rolnick\u00e1 54, Opava | Gabriela Salichov\u00e1"},"image":{"@id":"https:\/\/pedikuragabriela.cz\/opava\/#\/schema\/logo\/image\/"},"sameAs":["https:\/\/www.facebook.com\/PedikuraGabriela","https:\/\/www.instagram.com\/pedikura_gabriela\/"]}]}},"_links":{"self":[{"href":"https:\/\/pedikuragabriela.cz\/opava\/wp-json\/wp\/v2\/pages\/12171","targetHints":{"allow":["GET"]}}],"collection":[{"href":"https:\/\/pedikuragabriela.cz\/opava\/wp-json\/wp\/v2\/pages"}],"about":[{"href":"https:\/\/pedikuragabriela.cz\/opava\/wp-json\/wp\/v2\/types\/page"}],"author":[{"embeddable":true,"href":"https:\/\/pedikuragabriela.cz\/opava\/wp-json\/wp\/v2\/users\/1"}],"replies":[{"embeddable":true,"href":"https:\/\/pedikuragabriela.cz\/opava\/wp-json\/wp\/v2\/comments?post=12171"}],"version-history":[{"count":43,"href":"https:\/\/pedikuragabriela.cz\/opava\/wp-json\/wp\/v2\/pages\/12171\/revisions"}],"predecessor-version":[{"id":12594,"href":"https:\/\/pedikuragabriela.cz\/opava\/wp-json\/wp\/v2\/pages\/12171\/revisions\/12594"}],"wp:attachment":[{"href":"https:\/\/pedikuragabriela.cz\/opava\/wp-json\/wp\/v2\/media?parent=12171"}],"curies":[{"name":"wp","href":"https:\/\/api.w.org\/{rel}","templated":true}]}}